{"id":146,"date":"2019-04-16T12:18:30","date_gmt":"2019-04-16T10:18:30","guid":{"rendered":"https:\/\/www.ght-novo.fr\/ghi-vexin\/\/?page_id=146"},"modified":"2026-04-17T09:46:25","modified_gmt":"2026-04-17T07:46:25","slug":"ssr-neurologique","status":"publish","type":"page","link":"https:\/\/hopital-novo.fr\/ghi-vexin\/services-de-soins\/ssr-neurologique\/","title":{"rendered":"SMR Neurologique"},"content":{"rendered":"<p>Le service de Soins M\u00e9dicaux et de R\u00e9adaptation Neurologique<\/p>\n<p>33 lits d\u2019hospitalisation compl\u00e8te, 21 lits d&rsquo;hospitalisation de semaine et 15 places d&rsquo;h\u00f4pital de jour situ\u00e9s au 1er \u00e9tage du b\u00e2timent \u00ab\u00a0les C\u00e8dres\u00a0\u00bb<\/p>\n<p style=\"text-align: left;\"><strong>Responsable du service :<\/strong><\/p>\n<ul>\n<li>Docteur Catherine DIARD<\/li>\n<\/ul>\n<p><strong>\u00c9quipe m\u00e9dicale :<\/strong><\/p>\n<ul>\n<li>Docteur Maher BABCHIA<\/li>\n<li>Docteur Hassan KHOUBAIZ<\/li>\n<li>Docteur Nadine PELLEGRINI<\/li>\n<li>Docteur Francine VAUTRIN<\/li>\n<\/ul>\n<p><strong>Cadre de Sant\u00e9 :<br \/>\n<\/strong><\/p>\n<ul>\n<li>Marion GOMEZ<\/li>\n<\/ul>\n<p><strong>Secr\u00e9tariat m\u00e9dical :<\/strong><\/p>\n<ul>\n<li>T\u00e9l. 01 34 79 44 36<\/li>\n<li>T\u00e9l. : 01 34 79 44 70<\/li>\n<li>Fax : 01 34 79 44 49<\/li>\n<\/ul>\n<h2>Pr\u00e9sentation\u00a0:<\/h2>\n<ul>\n<li>33 lits d\u2019hospitalisation traditionnelle<\/li>\n<li>21 lits d\u2019hospitalisation de semaine<\/li>\n<li>15 places d\u2019h\u00f4pital de jour<\/li>\n<\/ul>\n<h2>Pathologies prises en charge<\/h2>\n<p>Les patients sont accueillis apr\u00e8s la survenue brutale d\u2019une maladie neurologique invalidante (accident vasculaire c\u00e9r\u00e9bral, maladie de Guillain Barr\u00e9) ou \u00e0 l\u2019occasion de l\u2019aggravation d\u2019une maladie neurologique ou neuromusculaire chronique (myopathie, scl\u00e9rose en plaques, maladie de Parkinson, douleurs neurologiques chroniques) etc..<\/p>\n<h2>Modes d\u2019admission<\/h2>\n<p>Les patients proviennent des services de neurologie, m\u00e9decine, r\u00e9animation et du domicile apr\u00e8s acceptation de la demande d\u2019admission remplie par le m\u00e9decin r\u00e9f\u00e9rent et fax\u00e9e au 01.34.79.43.38 ou par\u00a0<i>Trajectoire<\/i>.<\/p>\n<h2>Professionnels intervenant aupr\u00e8s des patients<\/h2>\n<p>L\u2019\u00e9quipe m\u00e9dicale se compose de m\u00e9decins sp\u00e9cialistes en m\u00e9decine physique et r\u00e9adaptation.<\/p>\n<p>L\u2019\u00e9quipe soignante est constitu\u00e9e de cadres de sant\u00e9, d\u2019infirmi\u00e8res, d\u2019aides soignantes et d\u2019agents des services hospitaliers.<\/p>\n<p>L\u2019\u00e9quipe des r\u00e9\u00e9ducateurs est compos\u00e9e de kin\u00e9sith\u00e9rapeutes, d\u2019ergoth\u00e9rapeutes, d\u2019orthophonistes, de di\u00e9t\u00e9ticiennes, de professeurs d\u2019activit\u00e9 physique adapt\u00e9e, d&rsquo;une psychomotricienne et de neuropsychologues.<\/p>\n<p>Une assistante sociale et une psychologue sont \u00e9galement au service des patients accueillis.<\/p>\n<h2>Prise en charge financi\u00e8re<\/h2>\n<p>Tout assur\u00e9 social est soumis au forfait journalier qui n\u2019est pas pris en charge par la s\u00e9curit\u00e9 sociale, sauf exception (accident du travail, article 115). Les patients relevant de l\u2019hospitalisation de jour ne sont pas soumis au forfait journalier.<\/p>\n<p>Il est imp\u00e9ratif lors de votre admission de fournir au service des frais de s\u00e9jour votre carte vitale ainsi que votre carte de mutuelle et la carte d\u2019identit\u00e9.<\/p>\n<p>Il vous appartient de v\u00e9rifier aupr\u00e8s de vos organismes de s\u00e9curit\u00e9 sociale et de mutuelle vos diff\u00e9rentes prises en charges (\u00e9ch\u00e9ance du 100%, chambre particuli\u00e8re, dur\u00e9e de prise en charge du forfait journalier).<\/p>\n<p>Si vous sollicitez un transport du domicile \u00e0 l\u2019h\u00f4pital, le bon de transport doit \u00eatre \u00e9tabli par votre m\u00e9decin traitant (demande d\u2019entente pr\u00e9alable pour les trajets sup\u00e9rieurs \u00e0 150 km ou it\u00e9ratifs sup\u00e9rieurs \u00e0 50 km).<\/p>\n<h2>Travail en r\u00e9seau<\/h2>\n<p>\u2022 Pour les accidents vasculaires c\u00e9r\u00e9braux : en lien avec les Unit\u00e9s Neuro Vasculaires des h\u00f4pitaux de Mantes et de Pontoise.<\/p>\n<p>\u2022 Pour les myopathies : r\u00e9seau de l\u2019h\u00f4pital de Garches et les centres de r\u00e9f\u00e9rence des maladies neuromusculaires GNMH et Paris-Est.<\/p>\n<p>\u2022 Scl\u00e9rose en plaque : r\u00e9seau \u00cele-de-France Ouest (Poissy), h\u00f4pitaux de Mantes et de Pontoise.<\/p>\n<ul>\n<li>\u00c9quipe Mobile (EMOVY) : AVC \/ pathologies neurologiques.<\/li>\n<\/ul>\n<p><a href=\"https:\/\/hopital-novo.fr\/ghi-vexin\/wp-content\/uploads\/2022\/09\/SSR-Neurologique-Co73-septembre-2022.pdf\" target=\"_blank\" rel=\"noopener\">Plaquette de pr\u00e9sentation du service<\/a><\/p>\n<p><a href=\"https:\/\/hopital-novo.fr\/ghi-vexin\/wp-content\/uploads\/2025\/03\/D9612-Livret-A5-EMOVY-HD.pdf\" target=\"_blank\" rel=\"noopener\">Plaquette de l&rsquo;\u00e9quipe mobile EMOVY<\/a><\/p>\n<p>&nbsp;<\/p>\n<h2><strong>Les Rencontres d\u2019Aincourt &#8211; Groupe d\u2019\u00e9change post L\u00e9sion C\u00e9r\u00e9brale Acquise (LCA)<\/strong><\/h2>\n<p>Vous pr\u00e9sentez des s\u00e9quelles d\u2019AVC, de traumatisme cr\u00e2nien ou \u00eates atteints d\u2019une maladie neurod\u00e9g\u00e9n\u00e9rative (scl\u00e9rose en plaques, maladie de Parkinson\u2026) ? Vous accompagnez au quotidien une personne pr\u00e9sentant ce type de troubles ? Vous \u00eates un professionnel de sant\u00e9 \u2026 ?<\/p>\n<p>Les professionnels des services de soins de suite de r\u00e9adaptation vous proposent un espace d\u2019accueil et de partage, plusieurs samedis par an, sur le site d\u2019Aincourt, de 14h \u00e0 17h, dans la salle du conseil au 1er \u00e9tage du b\u00e2timent des C\u00e8dres.<\/p>\n<p>Apr\u00e8s une information autour du th\u00e8me du jour (exemples de th\u00e8mes : troubles de la d\u00e9glutition, de la communication, de la m\u00e9moire et bien d\u2019autres), les \u00e9changes pourront se poursuivre autour d\u2019un caf\u00e9 pour un moment convivial.<\/p>\n","protected":false},"excerpt":{"rendered":"<p>Le service de Soins M\u00e9dicaux et de R\u00e9adaptation Neurologique 33 lits d\u2019hospitalisation compl\u00e8te, 21 lits d&rsquo;hospitalisation de semaine et 15 places d&rsquo;h\u00f4pital de jour situ\u00e9s au 1er \u00e9tage du b\u00e2timent \u00ab\u00a0les C\u00e8dres\u00a0\u00bb Responsable du service : Docteur Catherine DIARD \u00c9quipe m\u00e9dicale : Docteur Maher BABCHIA Docteur Hassan KHOUBAIZ Docteur Nadine PELLEGRINI Docteur Francine VAUTRIN Cadre [&hellip;]<\/p>\n","protected":false},"author":1,"featured_media":0,"parent":582,"menu_order":0,"comment_status":"closed","ping_status":"closed","template":"","meta":{"_acf_changed":false,"footnotes":"","_links_to":"","_links_to_target":""},"class_list":["post-146","page","type-page","status-publish","hentry"],"acf":[],"_links":{"self":[{"href":"https:\/\/hopital-novo.fr\/ghi-vexin\/wp-json\/wp\/v2\/pages\/146","targetHints":{"allow":["GET"]}}],"collection":[{"href":"https:\/\/hopital-novo.fr\/ghi-vexin\/wp-json\/wp\/v2\/pages"}],"about":[{"href":"https:\/\/hopital-novo.fr\/ghi-vexin\/wp-json\/wp\/v2\/types\/page"}],"author":[{"embeddable":true,"href":"https:\/\/hopital-novo.fr\/ghi-vexin\/wp-json\/wp\/v2\/users\/1"}],"replies":[{"embeddable":true,"href":"https:\/\/hopital-novo.fr\/ghi-vexin\/wp-json\/wp\/v2\/comments?post=146"}],"version-history":[{"count":17,"href":"https:\/\/hopital-novo.fr\/ghi-vexin\/wp-json\/wp\/v2\/pages\/146\/revisions"}],"predecessor-version":[{"id":2338,"href":"https:\/\/hopital-novo.fr\/ghi-vexin\/wp-json\/wp\/v2\/pages\/146\/revisions\/2338"}],"up":[{"embeddable":true,"href":"https:\/\/hopital-novo.fr\/ghi-vexin\/wp-json\/wp\/v2\/pages\/582"}],"wp:attachment":[{"href":"https:\/\/hopital-novo.fr\/ghi-vexin\/wp-json\/wp\/v2\/media?parent=146"}],"curies":[{"name":"wp","href":"https:\/\/api.w.org\/{rel}","templated":true}]}}