{"id":127,"date":"2019-04-16T11:21:03","date_gmt":"2019-04-16T09:21:03","guid":{"rendered":"https:\/\/www.ght-novo.fr\/ghi-vexin\/\/?page_id=127"},"modified":"2026-02-24T08:59:10","modified_gmt":"2026-02-24T07:59:10","slug":"ssr-diabetologie-nutrition","status":"publish","type":"page","link":"https:\/\/hopital-novo.fr\/ghi-vexin\/services-de-soins\/ssr-diabetologie-nutrition\/","title":{"rendered":"SMR Diab\u00e9tologie-Nutrition"},"content":{"rendered":"<p>Le service de Soins M\u00e9dicaux et de R\u00e9adaptation Diab\u00e9tologie Nutrition<\/p>\n<p>30 lits d\u2019hospitalisation (dont 20 d&rsquo;hospitalisation de semaine) situ\u00e9s au deuxi\u00e8me \u00e9tage du b\u00e2timent \u00ab les C\u00e8dres \u00bb<\/p>\n<h2>Notre \u00e9quipe<\/h2>\n<p><strong>Responsable de Service :<br \/>\n<\/strong><span data-olk-copy-source=\"MessageBody\">Docteur Philippe ALLIO (par int\u00e9rim)<\/span><\/p>\n<p><strong>Cadre de sant\u00e9<br \/>\n<\/strong>Sylvie FERRY (par interim)<br \/>\nTel : 01.34.79.43.62<\/p>\n<p><strong>\u00c9quipe m\u00e9dicale :<\/strong><\/p>\n<ul>\n<li>Docteur Claudine BEJI-DUMONTIER<\/li>\n<li>Docteur Philippe ALLIO<\/li>\n<li>Docteur <span data-olk-copy-source=\"MessageBody\">Sabrina BOUDRISSA <\/span><\/li>\n<\/ul>\n<p><strong>Secr\u00e9tariat m\u00e9dical :<\/strong><br \/>\nT\u00e9l : 01 34 79 44 35 &#8211; secretariat.diab\u00e9tologie@ght-novo.fr<br \/>\nFax : 01 34 79 43 41<\/p>\n<h3><span class=\"Default-Paragraph-Font-C\">Que propose-t-on ?<\/span><\/h3>\n<p><span class=\"Default-Paragraph-Font-C0\">\u2022 Des programmes d\u2019\u00e9ducation th\u00e9rapeutique sur le diab\u00e8te et l\u2019ob\u00e9sit\u00e9.<br \/>\n\u2022 Un \u00e9quilibre et une adaptation du traitement diab\u00e9tique.<br \/>\n\u2022 Une initiation et adaptation \u00e0 la pompe \u00e0 insuline.<br \/>\n<\/span><span class=\"Default-Paragraph-Font-C0\">\u2022 Une \u00e9valuation de l\u2019\u00e9quilibre nutritionnel.<br \/>\n\u2022 La poursuite de soins m\u00e9dicamenteux ou techniques li\u00e9s \u00e0 ces pathologies chroniques et leurs complications\u00a0:<br \/>\nen particulier pansement de plaie diab\u00e9tique (mal perforant, suite amputation, plaie avec d\u00e9charge compl\u00e8te),<br \/>\nantibioth\u00e9rapie intraveineuse, V.A.C. th\u00e9rapie&#8230;<br \/>\n\u2022 Un appareillage et une r\u00e9adaptation \u00e0 la marche du pied diab\u00e9tique ou amput\u00e9 du membre inf\u00e9rieur (appareillages, podo-orth\u00e8se)<br \/>\n\u2022 Une reprise de l&rsquo;autonomie chez les patients atteints d&rsquo;ob\u00e9sit\u00e9 s\u00e9v\u00e8re.<\/span><\/p>\n<h3><span class=\"Default-Paragraph-Font-C\">Qui est concern\u00e9 ?<\/span><\/h3>\n<p><span class=\"Default-Paragraph-Font-C0\">\u2022 Toute personne pr\u00e9sentant un diab\u00e8te type I ou II, multicompliqu\u00e9 ou non.<br \/>\n\u2022 Toute personne pr\u00e9sentant une ob\u00e9sit\u00e9 avec un retentissement possible physique, bioclinique, psychologique ou social.<\/span><\/p>\n<h3><span class=\"Default-Paragraph-Font-C\">Qui fait les d\u00e9marches d\u2019admission ?<\/span><\/h3>\n<p><span class=\"Default-Paragraph-Font-C0\">\u2022 Le m\u00e9decin r\u00e9f\u00e9rent ou les m\u00e9decins du service hospitalier demandeur.<br \/>\n\u2022 La personne ou son entourage.<\/span><\/p>\n<p><span class=\"Default-Paragraph-Font-C0\">Pour l\u2019\u00e9tablissement, la r\u00e9flexion de la personne sur ses attentes, ses objectifs, pr\u00e9parent d\u00e9j\u00e0 l\u2019admission. Retrait du dossier aupr\u00e8s du service, de la secr\u00e9taire ou du cadre, ou ci-dessous.<br \/>\nDossier \u00e0 compl\u00e9ter ensuite avec le m\u00e9decin. <\/span><\/p>\n<h3><span class=\"Default-Paragraph-Font-C\">Quels sont les professionnels du service ?<\/span><\/h3>\n<p><span class=\"Default-Paragraph-Font-C0\">Une \u00e9quipe pluridisciplinaire assure les soins, le suivi et l\u2019\u00e9valuation : diab\u00e9tologues, infirmier(e)s, di\u00e9t\u00e9ticienne, kin\u00e9sith\u00e9rapeutes, psychologue, neuropsychologues, enseignants en activit\u00e9s physiques adapt\u00e9es,\u00a0 psychomotricienne, assistante sociale, podologue\u2026<\/span><\/p>\n<h3><span class=\"Default-Paragraph-Font-C\">Combien de temps dure le s\u00e9jour ?<\/span><\/h3>\n<p><span class=\"Default-Paragraph-Font-C0\">4 semaines environ. La dur\u00e9e est \u00e9tablie en fonction des objectifs du s\u00e9jour et de l\u2019\u00e9volution.<br \/>\n<\/span><span class=\"Default-Paragraph-Font-C\">Comment assure-t-on le suivi ?<\/span><\/p>\n<h3><span class=\"Default-Paragraph-Font-C\">Comment assure-t-on le suivi ?<\/span><\/h3>\n<p><span class=\"Default-Paragraph-Font-C0\">Le service dispose d&rsquo;une place d&rsquo;hospitalisation de jour permettant les bilans, le suivi et la poursuite de soins, les \u00e9valuations en \u00e9ducation th\u00e9rapeutique et des activit\u00e9s \u00e9ducatives (les mercredis).<br \/>\nSuivi ambulatoire pluridisciplinaire (le vendredi).<\/span><\/p>\n<h3><span class=\"Default-Paragraph-Font-C\">Quelle s\u00e9curit\u00e9 ? <\/span><\/h3>\n<p><span class=\"Default-Paragraph-Font-C0\">\u2022 Pr\u00e9sence infirmi\u00e8re 24h\/24h<br \/>\n\u2022 Pr\u00e9sence m\u00e9dicale 24h\/24h<\/span><\/p>\n<h3><span class=\"Default-Paragraph-Font-C\">De quels moyens dispose le service ?<\/span><\/h3>\n<p><strong><span class=\"Normal-C2\">Dans \u00a0le service :<\/span><\/strong><span class=\"Default-Paragraph-Font-C0\"><br \/>\n\u2022 <\/span><span class=\"Normal-C3\">Une salle d\u2019\u00e9ducation th\u00e9rapeutique.<br \/>\n<\/span><span class=\"Default-Paragraph-Font-C0\">\u2022 <\/span><span class=\"Normal-C3\">Une salle d&rsquo;activit\u00e9s \u00e9ducatives : cuisine, massages, relaxation &#8230;<br \/>\n<\/span><span class=\"Default-Paragraph-Font-C0\">\u2022 <\/span><span class=\"Normal-C3\">Une salle de repas.<\/span><span class=\"Default-Paragraph-Font-C0\"><br \/>\n<\/span><\/p>\n<p><strong><span class=\"Normal-C4\">Sur le site :<\/span><\/strong><span class=\"Default-Paragraph-Font-C0\"><br \/>\n\u2022 Un plateau technique de r\u00e9\u00e9ducation.<br \/>\n\u2022 Une salle d\u2019activit\u00e9s physiques adapt\u00e9es (APA)<br \/>\n\u2022 Une piscine de baln\u00e9oth\u00e9rapie<br \/>\n\u2022 Des espaces ext\u00e9rieurs propices aux activit\u00e9s physiques.<br \/>\n\u2022 Une boutique (presse)<\/span><\/p>\n<h3><span class=\"Default-Paragraph-Font-C\">Qu\u2019attend-on de ce type de s\u00e9jour ?<\/span><\/h3>\n<p><span class=\"Default-Paragraph-Font-C0\">\u2022 Une am\u00e9lioration de son autonomie avec la maladie chronique.<br \/>\n\u2022 Une am\u00e9lioration de sa qualit\u00e9 de vie.<br \/>\n\u2022 Un ralentissement de la survenue des complications.<br \/>\n\u2022 Une r\u00e9duction des hospitalisations.<br \/>\n\u2022 Le maintien durable des param\u00e8tres biologiques (HbA1c, poids&#8230;)<\/span><\/p>\n<p><a href=\"https:\/\/hopital-novo.fr\/ghi-vexin\/wp-content\/uploads\/2024\/05\/D9610-Livret-A5-SMR-Diabeto-HD.pdf\" target=\"_blank\" rel=\"noopener\">Plaquette de pr\u00e9sentation du service<\/a><\/p>\n<p><a href=\"https:\/\/hopital-novo.fr\/ghi-vexin\/wp-content\/uploads\/2021\/07\/Informations-generales-de-pre-admission-en-SSR-Diabetologie-Endocrinologie-GHIV-DR2013-0135-V6.pdf\" target=\"_blank\" rel=\"noopener\">Informations g\u00e9n\u00e9rales avant admission dans le service<\/a><\/p>\n<p><a href=\"https:\/\/hopital-novo.fr\/ghi-vexin\/wp-content\/uploads\/2021\/07\/Demande-dadmission-en-SSR-Diabetologie-Nutrition-GHIV-DR2017-0209-V6.pdf\" target=\"_blank\" rel=\"noopener\">Dossier de demande d&rsquo;admission<\/a><\/p>\n","protected":false},"excerpt":{"rendered":"<p>Le service de Soins M\u00e9dicaux et de R\u00e9adaptation Diab\u00e9tologie Nutrition 30 lits d\u2019hospitalisation (dont 20 d&rsquo;hospitalisation de semaine) situ\u00e9s au deuxi\u00e8me \u00e9tage du b\u00e2timent \u00ab les C\u00e8dres \u00bb Notre \u00e9quipe Responsable de Service : Docteur Philippe ALLIO (par int\u00e9rim) Cadre de sant\u00e9 Sylvie FERRY (par interim) Tel : 01.34.79.43.62 \u00c9quipe m\u00e9dicale : Docteur Claudine BEJI-DUMONTIER [&hellip;]<\/p>\n","protected":false},"author":1,"featured_media":0,"parent":582,"menu_order":0,"comment_status":"closed","ping_status":"closed","template":"","meta":{"_acf_changed":false,"footnotes":"","_links_to":"","_links_to_target":""},"class_list":["post-127","page","type-page","status-publish","hentry"],"acf":[],"_links":{"self":[{"href":"https:\/\/hopital-novo.fr\/ghi-vexin\/wp-json\/wp\/v2\/pages\/127","targetHints":{"allow":["GET"]}}],"collection":[{"href":"https:\/\/hopital-novo.fr\/ghi-vexin\/wp-json\/wp\/v2\/pages"}],"about":[{"href":"https:\/\/hopital-novo.fr\/ghi-vexin\/wp-json\/wp\/v2\/types\/page"}],"author":[{"embeddable":true,"href":"https:\/\/hopital-novo.fr\/ghi-vexin\/wp-json\/wp\/v2\/users\/1"}],"replies":[{"embeddable":true,"href":"https:\/\/hopital-novo.fr\/ghi-vexin\/wp-json\/wp\/v2\/comments?post=127"}],"version-history":[{"count":23,"href":"https:\/\/hopital-novo.fr\/ghi-vexin\/wp-json\/wp\/v2\/pages\/127\/revisions"}],"predecessor-version":[{"id":2300,"href":"https:\/\/hopital-novo.fr\/ghi-vexin\/wp-json\/wp\/v2\/pages\/127\/revisions\/2300"}],"up":[{"embeddable":true,"href":"https:\/\/hopital-novo.fr\/ghi-vexin\/wp-json\/wp\/v2\/pages\/582"}],"wp:attachment":[{"href":"https:\/\/hopital-novo.fr\/ghi-vexin\/wp-json\/wp\/v2\/media?parent=127"}],"curies":[{"name":"wp","href":"https:\/\/api.w.org\/{rel}","templated":true}]}}