{"id":1092,"date":"2021-02-16T17:07:13","date_gmt":"2021-02-16T16:07:13","guid":{"rendered":"https:\/\/www.ght-novo.fr\/ghi-vexin\/?page_id=1092"},"modified":"2026-01-08T12:36:28","modified_gmt":"2026-01-08T11:36:28","slug":"direction","status":"publish","type":"page","link":"https:\/\/hopital-novo.fr\/ghi-vexin\/presentation\/direction\/","title":{"rendered":"L&rsquo;\u00e9quipe de direction"},"content":{"rendered":"<h3 style=\"text-align: left;\">Direction G\u00e9n\u00e9rale :<\/h3>\n<p style=\"text-align: left;\"><strong>Directeur de l&rsquo;H\u00f4pital NOVO : <\/strong>Alexandre AUBERT<\/p>\n<p style=\"text-align: left;\"><b>Adjointe au Directeur : <\/b>Caroline VERMONT<\/p>\n<p style=\"text-align: left;\">\n<h3 style=\"text-align: left;\">Secr\u00e9taire G\u00e9n\u00e9ral :<\/h3>\n<p style=\"text-align: left;\"><strong>Directrice :<\/strong> Viviane HUMBERT<\/p>\n<p style=\"text-align: left;\">\n<h3 style=\"text-align: left;\">Direction des Ressources Humaines :<\/h3>\n<p style=\"text-align: left;\"><strong>Directrice :<\/strong> Elisa MARTI<\/p>\n<div class=\"membre_profil_infos\" style=\"text-align: left;\">\n<p class=\"membre_profil_infos_fonction\" style=\"text-align: left;\"><strong>Directeur adjoint :<\/strong>\u00a0<span class=\"membre_profil_infos_name_first\">Imanuel <\/span><span class=\"membre_profil_infos_name_last\">LECLERCQ<\/span><\/p>\n<\/div>\n<p style=\"text-align: left;\">\n<h3 style=\"text-align: left;\">Direction des soins :<\/h3>\n<p style=\"text-align: left;\"><b>Coordonnatrice G\u00e9n\u00e9rale des Soins : <\/b>Isabelle LE FALHER<b><br \/>\n<\/b><\/p>\n<p style=\"text-align: left;\"><strong>Directrice des Soins &#8211; site de Pontoise <\/strong>: Nathalie NAUDIN<\/p>\n<div class=\"membre_profil_infos\" style=\"text-align: left;\">\n<p class=\"membre_profil_infos_fonction\"><strong>Directrice des Soins &#8211; sites de Beaumont et du Vexin :<\/strong>\u00a0<span class=\"membre_profil_infos_name_first\">Audrey <\/span><span class=\"membre_profil_infos_name_last\">COULIER<\/span><\/p>\n<\/div>\n<p style=\"text-align: left;\">\n<h3 style=\"text-align: left;\">Direction des Affaires M\u00e9dicales et de la Recherche :<\/h3>\n<p style=\"text-align: left;\"><strong>Directeur : <\/strong>Umair KHALID<strong><br \/>\n<\/strong><\/p>\n<p style=\"text-align: left;\">\n<h3 style=\"text-align: left;\">Direction Qualit\u00e9-Gestion des risques et relations avec les usagers :<\/h3>\n<p style=\"text-align: left;\"><strong>Directrice :<\/strong> Alexandra REJASSE<\/p>\n<p style=\"text-align: left;\">\n<h3 style=\"text-align: left;\">Direction des Affaires Financi\u00e8res :<\/h3>\n<p style=\"text-align: left;\"><strong>Directrice de la strat\u00e9gie financi\u00e8re et performance :<\/strong> Virginie DAVID<\/p>\n<p style=\"text-align: left;\"><strong>Directrice de l\u2019optimisation du parcours patient et des recettes : <\/strong>Odile REYNIER<\/p>\n<p style=\"text-align: left;\">\n<p style=\"text-align: left;\">\n<h3 style=\"text-align: left;\">Direction des Achats et de la Logistique\u00a0:<\/h3>\n<p style=\"text-align: left;\"><strong>Directrice :<\/strong> Camille JACQUARD<\/p>\n<p style=\"text-align: left;\"><strong>Directeur adjoint :<\/strong> <span class=\"membre_profil_infos_name_first\">Christian <\/span><span class=\"membre_profil_infos_name_last\">NKINSI<\/span><\/p>\n<p style=\"text-align: left;\">\n<h3 style=\"text-align: left;\">Direction de la Maintenance, de la S\u00e9curit\u00e9 &amp; des Infrastructures (DMSI) :<\/h3>\n<p style=\"text-align: left;\"><strong>Ing\u00e9nieure en cheffe : <\/strong>Nora NEDIR<strong><br \/>\n<\/strong><\/p>\n<p style=\"text-align: left;\">\n<h3 style=\"text-align: left;\">Direction projet nouvel h\u00f4pital :<\/h3>\n<p style=\"text-align: left;\"><strong>Directrice (par int\u00e9rim) : <\/strong>Caroline VERMONT<\/p>\n<p style=\"text-align: left;\">\n<h3 style=\"text-align: left;\">Direction des Syst\u00e8mes d\u2019Informations et Ing\u00e9nierie biom\u00e9dicale :<\/h3>\n<p style=\"text-align: left;\"><strong>Directeur :<\/strong> Jean-Luc FILLOL<\/p>\n<p style=\"text-align: left;\">\n<h3 style=\"text-align: left;\">Direction du secteur m\u00e9dico-social :<\/h3>\n<p style=\"text-align: left;\"><strong>Directrice :<\/strong> V\u00e9ronique PERRET<\/p>\n<p style=\"text-align: left;\"><strong>Adjointe \u00e0 la Directrice<\/strong>\u00a0: Murianne GODIER<\/p>\n<p style=\"text-align: left;\">\n<h3 style=\"text-align: left;\">Direction de la Communication et du M\u00e9c\u00e9nat :<\/h3>\n<p style=\"text-align: left;\"><strong>Directrice :<\/strong> Patricia DARDAINE<\/p>\n<p style=\"text-align: left;\">\n<h3 style=\"text-align: left;\">Direction des IFSI et IFAS :<\/h3>\n<p style=\"text-align: left;\"><strong>Directrice :<\/strong> Viviane DUCLOS<\/p>\n<p style=\"text-align: left;\">\n<p style=\"text-align: left;\">T\u00e9l\u00e9chargez l&rsquo;organigramme : <a href=\"https:\/\/hopital-novo.fr\/ghi-vexin\/wp-content\/uploads\/2025\/03\/Organigramme-Mars-2025.pdf\" target=\"_blank\" rel=\"noopener\">ici<\/a><\/p>\n","protected":false},"excerpt":{"rendered":"<p>Direction G\u00e9n\u00e9rale : Directeur de l&rsquo;H\u00f4pital NOVO : Alexandre AUBERT Adjointe au Directeur : Caroline VERMONT Secr\u00e9taire G\u00e9n\u00e9ral : Directrice : Viviane HUMBERT Direction des Ressources Humaines : Directrice : Elisa MARTI Directeur adjoint :\u00a0Imanuel LECLERCQ Direction des soins : Coordonnatrice G\u00e9n\u00e9rale des Soins : Isabelle LE FALHER Directrice des Soins &#8211; site de Pontoise [&hellip;]<\/p>\n","protected":false},"author":4,"featured_media":0,"parent":581,"menu_order":0,"comment_status":"closed","ping_status":"closed","template":"","meta":{"_acf_changed":false,"footnotes":"","_links_to":"","_links_to_target":""},"class_list":["post-1092","page","type-page","status-publish","hentry"],"acf":[],"_links":{"self":[{"href":"https:\/\/hopital-novo.fr\/ghi-vexin\/wp-json\/wp\/v2\/pages\/1092","targetHints":{"allow":["GET"]}}],"collection":[{"href":"https:\/\/hopital-novo.fr\/ghi-vexin\/wp-json\/wp\/v2\/pages"}],"about":[{"href":"https:\/\/hopital-novo.fr\/ghi-vexin\/wp-json\/wp\/v2\/types\/page"}],"author":[{"embeddable":true,"href":"https:\/\/hopital-novo.fr\/ghi-vexin\/wp-json\/wp\/v2\/users\/4"}],"replies":[{"embeddable":true,"href":"https:\/\/hopital-novo.fr\/ghi-vexin\/wp-json\/wp\/v2\/comments?post=1092"}],"version-history":[{"count":42,"href":"https:\/\/hopital-novo.fr\/ghi-vexin\/wp-json\/wp\/v2\/pages\/1092\/revisions"}],"predecessor-version":[{"id":2289,"href":"https:\/\/hopital-novo.fr\/ghi-vexin\/wp-json\/wp\/v2\/pages\/1092\/revisions\/2289"}],"up":[{"embeddable":true,"href":"https:\/\/hopital-novo.fr\/ghi-vexin\/wp-json\/wp\/v2\/pages\/581"}],"wp:attachment":[{"href":"https:\/\/hopital-novo.fr\/ghi-vexin\/wp-json\/wp\/v2\/media?parent=1092"}],"curies":[{"name":"wp","href":"https:\/\/api.w.org\/{rel}","templated":true}]}}